{"id":2,"date":"2019-11-14T15:06:17","date_gmt":"2019-11-14T14:06:17","guid":{"rendered":"http:\/\/proimagemaking.com\/?page_id=2"},"modified":"2024-03-06T11:40:48","modified_gmt":"2024-03-06T10:40:48","slug":"page-d-exemple","status":"publish","type":"page","link":"https:\/\/proimagemaking.com\/","title":{"rendered":""},"content":{"rendered":"\n<div class=\"wp-block-image\"><figure class=\"aligncenter\"><img loading=\"lazy\" decoding=\"async\" width=\"500\" height=\"334\" src=\"http:\/\/proimagemaking.com\/wp-content\/uploads\/2019\/11\/IMGP5497-Edit-2-Copie.jpg\" alt=\"\" class=\"wp-image-51\" srcset=\"https:\/\/proimagemaking.com\/wp-content\/uploads\/2019\/11\/IMGP5497-Edit-2-Copie.jpg 500w, https:\/\/proimagemaking.com\/wp-content\/uploads\/2019\/11\/IMGP5497-Edit-2-Copie-300x200.jpg 300w\" sizes=\"auto, (max-width: 500px) 100vw, 500px\" \/><\/figure><\/div>\n\n\n\n<h3 class=\"wp-block-heading\" id=\"mce_0\"><\/h3>\n\n\n\n<p class=\"has-large-font-size\">Je m&rsquo;appelle Kseniia Fedorenko, une photographe passionn\u00e9e, professionnelle et cr\u00e9ative avec plus de 15 ans d&rsquo;exp\u00e9rience.<\/p>\n\n\n\n<p class=\"has-medium-font-size\">Vous recherchez un photographe pour r\u00e9aliser <strong>un reportage \u00e9v\u00e9nementiel<\/strong> au sein de votre entreprise ou pour <strong>vos souvenirs de famille,<\/strong> ou peut-\u00eatre avez-vous besoin d\u2019enrichir votre site internet n&rsquo;h\u00e9sitez pas \u00e0 visiter le site et me contacter.<\/p>\n\n\n\n<p class=\"has-medium-font-size\"><strong>L\u2019exp\u00e9rience et l\u2019\u0153il entrain\u00e9<\/strong>  du photographe pro lui permettent  d\u2019obtenir  des photos vivantes, spontan\u00e9es, de \u00ab&nbsp;voler&nbsp;\u00bb un instant  sans que la  personne soit  consciente d\u2019\u00eatre photographi\u00e9e \u2013 cela rend  la d\u00e9couverte de  votre  album encore plus \u00e9mouvante. <\/p>\n","protected":false},"excerpt":{"rendered":"<p>Je m&rsquo;appelle Kseniia Fedorenko, une photographe passionn\u00e9e, professionnelle et cr\u00e9ative avec plus de 15 ans d&rsquo;exp\u00e9rience. Vous recherchez un photographe pour r\u00e9aliser un reportage \u00e9v\u00e9nementiel&hellip;<\/p>\n","protected":false},"author":1,"featured_media":51,"parent":0,"menu_order":0,"comment_status":"closed","ping_status":"closed","template":"","meta":{"footnotes":""},"class_list":["post-2","page","type-page","status-publish","has-post-thumbnail","hentry"],"_links":{"self":[{"href":"https:\/\/proimagemaking.com\/index.php?rest_route=\/wp\/v2\/pages\/2","targetHints":{"allow":["GET"]}}],"collection":[{"href":"https:\/\/proimagemaking.com\/index.php?rest_route=\/wp\/v2\/pages"}],"about":[{"href":"https:\/\/proimagemaking.com\/index.php?rest_route=\/wp\/v2\/types\/page"}],"author":[{"embeddable":true,"href":"https:\/\/proimagemaking.com\/index.php?rest_route=\/wp\/v2\/users\/1"}],"replies":[{"embeddable":true,"href":"https:\/\/proimagemaking.com\/index.php?rest_route=%2Fwp%2Fv2%2Fcomments&post=2"}],"version-history":[{"count":20,"href":"https:\/\/proimagemaking.com\/index.php?rest_route=\/wp\/v2\/pages\/2\/revisions"}],"predecessor-version":[{"id":589,"href":"https:\/\/proimagemaking.com\/index.php?rest_route=\/wp\/v2\/pages\/2\/revisions\/589"}],"wp:featuredmedia":[{"embeddable":true,"href":"https:\/\/proimagemaking.com\/index.php?rest_route=\/wp\/v2\/media\/51"}],"wp:attachment":[{"href":"https:\/\/proimagemaking.com\/index.php?rest_route=%2Fwp%2Fv2%2Fmedia&parent=2"}],"curies":[{"name":"wp","href":"https:\/\/api.w.org\/{rel}","templated":true}]}}